{"id":1132,"date":"2019-02-05T08:25:56","date_gmt":"2019-02-05T08:25:56","guid":{"rendered":"http:\/\/residenciacondearesti.com\/?page_id=1132"},"modified":"2019-02-05T08:25:56","modified_gmt":"2019-02-05T08:25:56","slug":"politica-de-privacidad","status":"publish","type":"page","link":"https:\/\/residenciacondearesti.com\/eu\/politica-de-privacidad\/","title":{"rendered":"Pol\u00edtica de privacidad"},"content":{"rendered":"<div class=\"wpb-content-wrapper\"><p>[vc_row][vc_column][vc_column_text]<\/p>\n<h1>Pol\u00edtica de privacidad<\/h1>\n<p>En cumplimiento de\u00a0 la legislaci\u00f3n de protecci\u00f3n de datos, en concreto, el Reglamento 2016\/679 del Parlamento Europeo y del Consejo, de 27 de abril de 2016, relativo a la protecci\u00f3n de las personas f\u00edsicas en cuanto al tratamiento y la libre circulaci\u00f3n de datos personales, en adelante Reglamento General de Protecci\u00f3n de Datos (RGPD, le informamos que nuestro compromiso es guardar la m\u00e1ximo reserva, secreto y confidencialidad, y transparencia sobre el modo en que recopilamos y usamos la informaci\u00f3n de nuestros usuarios-residentes, personal, colaboradores, proveedores.. para garantizar su seguridad y ofrecer nuestros mejores servicios siempre bajo la premisa del Deber de Confidencialidad.<\/p>\n<p>&nbsp;<\/p>\n<p>FUNDACION VIZCAINA DE CARIDAD \u2013 RESIDENCIA CONDE DE ARESTI \u00a0dispone de medidas de seguridad de car\u00e1cter t\u00e9cnico, administrativo y f\u00edsico necesarias para garantizar la seguridad e integridad y evitar la alteraci\u00f3n, p\u00e9rdida, tratamiento o acceso no autorizados de la informaci\u00f3n de los diferentes colectivos de personas que recogemos o almacenamos.<\/p>\n<p>&nbsp;<\/p>\n<p>Por todo ello le comunicamos lo siguiente:<\/p>\n<p>&nbsp;<\/p>\n<h2><strong>\u00bfQui\u00e9n es el Responsable del tratamiento de sus datos?<\/strong><\/h2>\n<p><em>Identidad<\/em>: FUNDACION VIZCAINA DE CARIDAD \u2013 RESIDENCIA CONDE DE ARESTI \u00a0&#8211; CIF: G48110811<\/p>\n<p><em>Dir. postal<\/em>: Calle Zabala 22 de Bilbao, C.P. 48003 (Bizkaia)<\/p>\n<p><em>Tel\u00e9fono<\/em>: 944 156 092<\/p>\n<p><em>Correo elect<\/em>: <a href=\"mailto:info@residenciacondearesti.com\">info@residenciacondearesti.com<\/a><\/p>\n<p><em>Delegado de Protecci\u00f3n de Datos. Contacto DPD<\/em>.: <a href=\"mailto:dgpd@integrasoluciones.es\">dgpd@integrasoluciones.es<\/a><\/p>\n<p>&nbsp;<\/p>\n<h2><strong>\u00bfCon qu\u00e9 finalidad tratamos sus datos personales?<\/strong><\/h2>\n<p>\u201cEn FUNDACION VIZCAINA DE CARIDAD \u2013 RESIDENCIA CONDE DE ARESTI \u00a0tratamos la informaci\u00f3n que nos facilitan las <em><u>personas usuarias-residentes<\/u><\/em> con el fin \u00a0de gestionar y desarrollar adecuadamente los servicios de asistencia integral y socio sanitarios de Residencia, as\u00ed como la elaboraci\u00f3n de la historia cl\u00ednica de los pacientes para el seguimiento de su estado de salud, y potencialmente la investigaci\u00f3n cient\u00edfica. Adem\u00e1s de facturaci\u00f3n y gestiones administrativas.<\/p>\n<p>&nbsp;<\/p>\n<p>Los datos de las <em><u>personas de referencia o familiares<\/u><\/em>\u00a0 se utilizar\u00e1n con el fin de establecer contacto y facilitar informaci\u00f3n.<\/p>\n<p>Los datos de las <em><u>personas voluntarias<\/u><\/em> se utilizar\u00e1n con el fin de gestionar las funciones de voluntariado.<\/p>\n<p>Los datos de los <em><u>proveedores<\/u><\/em> se utilizar\u00e1n con la finalidad de gesti\u00f3n de proveedores, compras y\/o servicios.<\/p>\n<p>Los datos del <em><u>personal o RRHH<\/u><\/em> se utilizar\u00e1n con la finalidad de gesti\u00f3n laboral de los recursos humanos de la entidad\u201d.<\/p>\n<p>&nbsp;<\/p>\n<h2><strong>\u00bfPor cu\u00e1nto tiempo conservaremos sus datos?<\/strong><\/h2>\n<p>\u201cLos datos personales proporcionados se conservar\u00e1n mientras se mantenga la relaci\u00f3n mercantil o no se solicite su supresi\u00f3n por el interesado y, en algunos casos, durante los a\u00f1os establecidos en la legislaci\u00f3n vigente para cumplir con obligaciones jur\u00eddicas o para resolver litigios y cumplir acuerdos.\u201d<\/p>\n<p><em>\u00a0<\/em><\/p>\n<h2><strong>\u00bfCu\u00e1l es la legitimaci\u00f3n para el tratamiento de sus datos?<\/strong><\/h2>\n<p>\u201cLas bases jur\u00eddicas en las que se basan los tratamientos de los datos de las personas interesadas son las siguientes:<\/p>\n<p><em><u>-Legitimaci\u00f3n por ejecuci\u00f3n de un contrato<\/u><\/em>: el tratamiento es necesario para la ejecuci\u00f3n de alg\u00fan contrato mercantil, laboral o administrativo (contratos de alojamiento con residentes, contratos laborales del personal, contratos de prestaci\u00f3n de servicios de proveedores\u2026).<\/p>\n<p>&#8211; <em><u>Legitimaci\u00f3n\u00a0 por cumplimiento de una obligaci\u00f3n legal<\/u><\/em>: Ley 14\/1986, General de Sanidad y Ley 41\/2002, de 14 de noviembre, b\u00e1sica reguladora de la autonom\u00eda del paciente y de derechos y obligaciones en materia de informaci\u00f3n y documentaci\u00f3n cl\u00ednica (residentes).<\/p>\n<p>&#8211; <em><u>Legitimaci\u00f3n por consentimiento de los interesados<\/u><\/em>: Residentes y familiares o personas de referencia. Personas voluntarias.\u201d<\/p>\n<p>&nbsp;<\/p>\n<h2><strong>\u00bfA qu\u00e9 destinatarios se comunicar\u00e1n sus datos?<\/strong><\/h2>\n<p>\u201cLos datos se comunicar\u00e1n \u00fanicamente a otros organismos del sistema sanitario y organismos oficiales de estad\u00edstica. Cualquier cesi\u00f3n fuera de las previstas requerir\u00e1 su expreso consentimiento, salvo que se trate de solucionar una urgencia o para realizar estudios epidemiol\u00f3gicos en los t\u00e9rminos establecidos en la legislaci\u00f3n sobre sanidad estatal y auton\u00f3mica.\u201d<\/p>\n<p>&nbsp;<\/p>\n<h2><strong>\u00bfCu\u00e1les son sus derechos cuando nos facilita sus datos?<\/strong><\/h2>\n<ul>\n<li>Cualquier persona tiene derecho a obtener confirmaci\u00f3n sobre si en FUNDACION VIZCAINA DE CARIDAD \u2013 RESIDENCIA CONDE DE ARESTI estamos tratando datos personales que les conciernan, o no.<\/li>\n<li>Las personas interesadas tienen derecho a acceder a sus datos personales, as\u00ed como a solicitar la rectificaci\u00f3n de los datos inexactos o, en su caso, solicitar su supresi\u00f3n cuando, entre otros motivos, los datos ya no sean necesarios para los fines que fueron recogidos.<\/li>\n<li>En determinadas circunstancias, los interesados podr\u00e1n solicitar la limitaci\u00f3n del tratamiento de sus datos, en cuyo caso \u00fanicamente los conservaremos para el ejercicio o la defensa de reclamaciones.<\/li>\n<li>En determinadas circunstancias y por motivos relacionados con su situaci\u00f3n particular, los interesados podr\u00e1n oponerse al tratamiento de sus datos, FUNDACION VIZCAINA DE CARIDAD \u2013 RESIDENCIA CONDE DE ARESTI dejar\u00e1 de tratar los datos, salvo por motivos leg\u00edtimos imperiosos, o el ejercicio o la defensa de posibles reclamaciones.<\/li>\n<li>En el caso de que se haya otorgado el consentimiento para alguna finalidad espec\u00edfica, los interesados tienen derecho a retirar el consentimiento en cualquier momento, sin que ello afecte a la licitud del tratamiento basado en el consentimiento previo a su retirada.<\/li>\n<\/ul>\n<p>&nbsp;<\/p>\n<h2><strong>\u00bfC\u00f3mo hemos obtenido sus datos?<\/strong><\/h2>\n<p>&#8211; <em><u>Procedencia de <\/u><\/em><em><u>Los datos personales<\/u><\/em><em> que tratamos en <\/em>FUNDACION VIZCAINA DE CARIDAD \u2013 RESIDENCIA CONDE DE ARESTI:<\/p>\n<p>&nbsp;<\/p>\n<ul>\n<li>Residentes y familiares o personas de referencia: se han obtenido del propio interesado en el momento de la entrevista personal y formalizaci\u00f3n de los contratos de alojamiento. Otros derivados de Diputaci\u00f3n.<\/li>\n<li>Voluntariado: el propio interesado los facilita en una entrevista personal.<\/li>\n<li>Personal o RRHH: el propio interesado mediante el env\u00edo o entrega de su curr\u00edculum vitae y en entrevista personal.<\/li>\n<li>Proveedores-Terceros: fuentes de acceso p\u00fablico (Internet, repertorios telef\u00f3nicos o de publicidad, medios de comunicaci\u00f3n\u2026), referencias de terceras empresas o personas\u2026<\/li>\n<\/ul>\n<p>&nbsp;<\/p>\n<p>&#8211; \u00a0Las <em><u>categor\u00edas de datos<\/u><\/em> que se tratan son:<\/p>\n<ul>\n<li>Datos identificativos y de contacto,<\/li>\n<li>Direcciones postales o electr\u00f3nicas,<\/li>\n<li>Informaci\u00f3n comercial,<\/li>\n<li>Datos econ\u00f3micos,<\/li>\n<li>Datos de n\u00f3mina,<\/li>\n<li>Datos especialmente protegidos, de salud, informes m\u00e9dicos, h\u00e1bitos,,,<\/li>\n<li>Servicios o actividades contratados,<\/li>\n<li>Im\u00e1genes de video vigilancia\u2026<\/li>\n<\/ul>\n<p>&nbsp;<\/p>\n<h2><strong>Secreto y seguridad de los datos<\/strong><\/h2>\n<p>FUNDACION VIZCAINA DE CARIDAD \u2013 RESIDENCIA CONDE DE ARESTI\u00a0 se compromete en el uso y tratamiento de los datos personales de los diferentes colectivos de personas de quien trata datos a respetar su confidencialidad y a utilizarlos de acuerdo con la finalidad descrita anteriormente, as\u00ed como a dar cumplimiento a su obligaci\u00f3n de guardarlos y adaptar todas las medidas para evitar la alteraci\u00f3n, p\u00e9rdida, tratamiento o acceso no autorizado, de conformidad con lo establecido en la normativa vigente de protecci\u00f3n de datos.<\/p>\n<p>FUNDACION VIZCAINA DE CARIDAD \u2013 RESIDENCIA CONDE DE ARESTI\u00a0 garantiza que ha implementado pol\u00edticas y medidas t\u00e9cnicas y organizativas apropiadas con el fin de proteger los derechos y libertades de los Usuarios y les\u00a0ha comunicado la informaci\u00f3n adecuada para que puedan ejercerlos.<\/p>\n<p>Por ello manifiesta que est\u00e1 cumpliendo con todas las disposiciones y con los principios descritos en el art\u00edculo 5 del RGPD, por los\u00a0cuales los datos de su responsabilidad son tratados de manera l\u00edcita, leal y transparente en relaci\u00f3n con el interesado y adecuados, pertinentes y\u00a0limitados a lo necesario en relaci\u00f3n con los fines para los que son tratados.<\/p>\n<p>Con respecto a la confidencialidad del tratamiento, FUNDACION VIZCAINA DE CARIDAD \u2013 RESIDENCIA CONDE DE ARESTI\u00a0 se asegurar\u00e1 de que cualquier persona que est\u00e9 autorizada por FUNDACION VIZCAINA DE CARIDAD \u2013 RESIDENCIA CONDE DE ARESTI\u00a0 para procesar los datos de su responsabilidad (usuarios, clientes, su personal, colaboradores y prestadores), estar\u00e1 bajo la obligaci\u00f3n apropiada de confidencialidad (ya sea un deber contractual o legal).<\/p>\n<p>Cuando se presente alg\u00fan incidente de seguridad, al darse cuenta FUNDACION VIZCAINA DE CARIDAD \u2013 RESIDENCIA CONDE DE ARESTI\u00a0 deber\u00e1 notificar al interesado sin demoras indebidas y deber\u00e1 proporcionar informaci\u00f3n oportuna relacionada con el Incidente de Seguridad tal como se conozca o cuando el interesado lo solicite razonablemente.<\/p>\n<p>&nbsp;<\/p>\n<h2><strong>Exclusi\u00f3n de garant\u00edas y responsabilidad<\/strong><\/h2>\n<p>FUNDACION VIZCAINA DE CARIDAD \u2013 RESIDENCIA CONDE DE ARESTI \u00a0no puede garantizar la absoluta inexpugnabilidad de la red Internet y por tanto la violaci\u00f3n de los datos mediante accesos fraudulentos a ellos por parte de terceros.<\/p>\n<p>FUNDACION VIZCAINA DE CARIDAD \u2013 RESIDENCIA CONDE DE ARESTI \u00a0no se hace responsable, en ning\u00fan caso, de los da\u00f1os y perjuicios de cualquier naturaleza que pudieran traer causa de:<\/p>\n<ul>\n<li>La falta de disponibilidad, mantenimiento y efectivo funcionamiento de la web, o de sus servicios y contenidos;<\/li>\n<li>La existencia de malware, programas maliciosos o lesivos en los contenidos;<\/li>\n<li>El uso il\u00edcito, negligente, fraudulento o contrario a este Aviso Legal;<\/li>\n<li>La falta de licitud, calidad, fiabilidad, utilidad y disponibilidad de los servicios prestados por terceros y puestos a disposici\u00f3n de los usuarios en el sitio web.<\/li>\n<\/ul>\n<p>&nbsp;<\/p>\n<h2><strong>Exactitud y veracidad de los datos.<\/strong><\/h2>\n<p>Como persona usuaria de nuestra web, eres la \u00fanica responsable de la veracidad y correcci\u00f3n de los datos que remitas a FUNDACION VIZCAINA DE CARIDAD \u2013 RESIDENCIA CONDE DE ARESTI, respondiendo de cuantos conflictos o litigios pudieran resultar por la falsedad\u00a0de los mismos.<\/p>\n<p>Las personas usuarias, clientes y dem\u00e1s interesadas, garantizan y responden, en cualquier caso, de la exactitud, vigencia y autenticidad de los datos personales facilitados, y se comprometen a mantenerlos debidamente actualizados. El usuario acepta proporcionar informaci\u00f3n completa y correcta en el formulario de contacto, suscripci\u00f3n u otros formularios.<\/p>\n<p>&nbsp;<\/p>\n<h2><strong>Correos comerciales<\/strong><\/h2>\n<p>De acuerdo con la LSSICE, FUNDACION VIZCAINA DE CARIDAD \u2013 RESIDENCIA CONDE DE ARESTI \u00a0no realiza pr\u00e1cticas de SPAM, por lo que no env\u00eda correos comerciales por v\u00eda electr\u00f3nica que no hayan sido previamente solicitados o autorizados por la persona usuaria o cliente.<\/p>\n<p>Conforme a lo dispuesto en la Ley 34\/2002 de Servicios de la Sociedad de la Informaci\u00f3n y de comercio electr\u00f3nico, FUNDACION VIZCAINA DE CARIDAD \u2013 RESIDENCIA CONDE DE ARESTI \u00a0se compromete a no enviar comunicaciones de car\u00e1cter comercial sin identificarlas debidamente.<\/p>\n<p>&nbsp;<\/p>\n<h2><strong>Vigencia y modificaci\u00f3n de la pol\u00edtica de privacidad<\/strong><\/h2>\n<p>La Pol\u00edtica de Privacidad establecida por FUNDACION VIZCAINA DE CARIDAD \u2013 RESIDENCIA CONDE DE ARESTI \u00a0est\u00e1 en vigor desde la fecha de su publicaci\u00f3n en la web correspondiente; FUNDACION VIZCAINA DE CARIDAD \u2013 RESIDENCIA CONDE DE ARESTI \u00a0est\u00e1 facultada para modificar su Pol\u00edtica de Privacidad, poni\u00e9ndolo en conocimiento de la persona usuaria.[\/vc_column_text][\/vc_column][\/vc_row]<\/p>\n<\/div>","protected":false},"excerpt":{"rendered":"<p>[vc_row][vc_column][vc_column_text] Pol\u00edtica de privacidad En cumplimiento de\u00a0 la legislaci\u00f3n de protecci\u00f3n de datos, en concreto, el Reglamento 2016\/679 del Parlamento Europeo y del Consejo, de 27 de abril de 2016, relativo a la protecci\u00f3n de las personas f\u00edsicas en cuanto al tratamiento y la libre circulaci\u00f3n de datos personales, en adelante Reglamento General de Protecci\u00f3n&hellip;<\/p>\n","protected":false},"author":9192193,"featured_media":0,"parent":0,"menu_order":0,"comment_status":"closed","ping_status":"closed","template":"","meta":[],"yoast_head":"<!-- This site is optimized with the Yoast SEO plugin v19.8 - https:\/\/yoast.com\/wordpress\/plugins\/seo\/ -->\n<title>Pol\u00edtica de privacidad - Conde Aresti<\/title>\n<meta name=\"robots\" content=\"index, follow, max-snippet:-1, max-image-preview:large, max-video-preview:-1\" \/>\n<link rel=\"canonical\" href=\"https:\/\/residenciacondearesti.com\/eu\/politica-de-privacidad\/\" \/>\n<meta property=\"og:locale\" content=\"eu_ES\" \/>\n<meta property=\"og:type\" content=\"article\" \/>\n<meta property=\"og:title\" content=\"Pol\u00edtica de privacidad - Conde Aresti\" \/>\n<meta property=\"og:description\" content=\"[vc_row][vc_column][vc_column_text] Pol\u00edtica de privacidad En cumplimiento de\u00a0 la legislaci\u00f3n de protecci\u00f3n de datos, en concreto, el Reglamento 2016\/679 del Parlamento Europeo y del Consejo, de 27 de abril de 2016, relativo a la protecci\u00f3n de las personas f\u00edsicas en cuanto al tratamiento y la libre circulaci\u00f3n de datos personales, en adelante Reglamento General de Protecci\u00f3n&hellip;\" \/>\n<meta property=\"og:url\" content=\"https:\/\/residenciacondearesti.com\/eu\/politica-de-privacidad\/\" \/>\n<meta property=\"og:site_name\" content=\"Conde Aresti\" \/>\n<meta name=\"twitter:label1\" content=\"Est. reading time\" \/>\n\t<meta name=\"twitter:data1\" content=\"9 minutes\" \/>\n<script type=\"application\/ld+json\" class=\"yoast-schema-graph\">{\"@context\":\"https:\/\/schema.org\",\"@graph\":[{\"@type\":\"WebPage\",\"@id\":\"https:\/\/residenciacondearesti.com\/eu\/politica-de-privacidad\/\",\"url\":\"https:\/\/residenciacondearesti.com\/eu\/politica-de-privacidad\/\",\"name\":\"Pol\u00edtica de privacidad - Conde Aresti\",\"isPartOf\":{\"@id\":\"https:\/\/residenciacondearesti.com\/#website\"},\"datePublished\":\"2019-02-05T08:25:56+00:00\",\"dateModified\":\"2019-02-05T08:25:56+00:00\",\"breadcrumb\":{\"@id\":\"https:\/\/residenciacondearesti.com\/eu\/politica-de-privacidad\/#breadcrumb\"},\"inLanguage\":\"eu-ES\",\"potentialAction\":[{\"@type\":\"ReadAction\",\"target\":[\"https:\/\/residenciacondearesti.com\/eu\/politica-de-privacidad\/\"]}]},{\"@type\":\"BreadcrumbList\",\"@id\":\"https:\/\/residenciacondearesti.com\/eu\/politica-de-privacidad\/#breadcrumb\",\"itemListElement\":[{\"@type\":\"ListItem\",\"position\":1,\"name\":\"Portada\",\"item\":\"https:\/\/residenciacondearesti.com\/eu\/\"},{\"@type\":\"ListItem\",\"position\":2,\"name\":\"Pol\u00edtica de privacidad\"}]},{\"@type\":\"WebSite\",\"@id\":\"https:\/\/residenciacondearesti.com\/#website\",\"url\":\"https:\/\/residenciacondearesti.com\/\",\"name\":\"Conde Aresti\",\"description\":\"CAMBIAR SUBDESCRIPCION\",\"potentialAction\":[{\"@type\":\"SearchAction\",\"target\":{\"@type\":\"EntryPoint\",\"urlTemplate\":\"https:\/\/residenciacondearesti.com\/?s={search_term_string}\"},\"query-input\":\"required name=search_term_string\"}],\"inLanguage\":\"eu-ES\"}]}<\/script>\n<!-- \/ Yoast SEO plugin. -->","yoast_head_json":{"title":"Pol\u00edtica de privacidad - Conde Aresti","robots":{"index":"index","follow":"follow","max-snippet":"max-snippet:-1","max-image-preview":"max-image-preview:large","max-video-preview":"max-video-preview:-1"},"canonical":"https:\/\/residenciacondearesti.com\/eu\/politica-de-privacidad\/","og_locale":"eu_ES","og_type":"article","og_title":"Pol\u00edtica de privacidad - Conde Aresti","og_description":"[vc_row][vc_column][vc_column_text] Pol\u00edtica de privacidad En cumplimiento de\u00a0 la legislaci\u00f3n de protecci\u00f3n de datos, en concreto, el Reglamento 2016\/679 del Parlamento Europeo y del Consejo, de 27 de abril de 2016, relativo a la protecci\u00f3n de las personas f\u00edsicas en cuanto al tratamiento y la libre circulaci\u00f3n de datos personales, en adelante Reglamento General de Protecci\u00f3n&hellip;","og_url":"https:\/\/residenciacondearesti.com\/eu\/politica-de-privacidad\/","og_site_name":"Conde Aresti","twitter_misc":{"Est. reading time":"9 minutes"},"schema":{"@context":"https:\/\/schema.org","@graph":[{"@type":"WebPage","@id":"https:\/\/residenciacondearesti.com\/eu\/politica-de-privacidad\/","url":"https:\/\/residenciacondearesti.com\/eu\/politica-de-privacidad\/","name":"Pol\u00edtica de privacidad - Conde Aresti","isPartOf":{"@id":"https:\/\/residenciacondearesti.com\/#website"},"datePublished":"2019-02-05T08:25:56+00:00","dateModified":"2019-02-05T08:25:56+00:00","breadcrumb":{"@id":"https:\/\/residenciacondearesti.com\/eu\/politica-de-privacidad\/#breadcrumb"},"inLanguage":"eu-ES","potentialAction":[{"@type":"ReadAction","target":["https:\/\/residenciacondearesti.com\/eu\/politica-de-privacidad\/"]}]},{"@type":"BreadcrumbList","@id":"https:\/\/residenciacondearesti.com\/eu\/politica-de-privacidad\/#breadcrumb","itemListElement":[{"@type":"ListItem","position":1,"name":"Portada","item":"https:\/\/residenciacondearesti.com\/eu\/"},{"@type":"ListItem","position":2,"name":"Pol\u00edtica de privacidad"}]},{"@type":"WebSite","@id":"https:\/\/residenciacondearesti.com\/#website","url":"https:\/\/residenciacondearesti.com\/","name":"Conde Aresti","description":"CAMBIAR SUBDESCRIPCION","potentialAction":[{"@type":"SearchAction","target":{"@type":"EntryPoint","urlTemplate":"https:\/\/residenciacondearesti.com\/?s={search_term_string}"},"query-input":"required name=search_term_string"}],"inLanguage":"eu-ES"}]}},"_links":{"self":[{"href":"https:\/\/residenciacondearesti.com\/eu\/wp-json\/wp\/v2\/pages\/1132"}],"collection":[{"href":"https:\/\/residenciacondearesti.com\/eu\/wp-json\/wp\/v2\/pages"}],"about":[{"href":"https:\/\/residenciacondearesti.com\/eu\/wp-json\/wp\/v2\/types\/page"}],"author":[{"embeddable":true,"href":"https:\/\/residenciacondearesti.com\/eu\/wp-json\/wp\/v2\/users\/9192193"}],"replies":[{"embeddable":true,"href":"https:\/\/residenciacondearesti.com\/eu\/wp-json\/wp\/v2\/comments?post=1132"}],"version-history":[{"count":0,"href":"https:\/\/residenciacondearesti.com\/eu\/wp-json\/wp\/v2\/pages\/1132\/revisions"}],"wp:attachment":[{"href":"https:\/\/residenciacondearesti.com\/eu\/wp-json\/wp\/v2\/media?parent=1132"}],"curies":[{"name":"wp","href":"https:\/\/api.w.org\/{rel}","templated":true}]}}